{"id":209,"date":"2023-03-31T10:04:47","date_gmt":"2023-03-31T08:04:47","guid":{"rendered":"https:\/\/ciranje.de\/?page_id=209"},"modified":"2023-03-31T10:53:59","modified_gmt":"2023-03-31T08:53:59","slug":"datenschutzerklaerung-2","status":"publish","type":"page","link":"https:\/\/ciranje.de\/index.php\/datenschutzerklaerung-2\/","title":{"rendered":"Datenschutzerkl\u00e4rung"},"content":{"rendered":"\n<h3 class=\"wp-block-heading\">1. Name und Kontaktdaten des f\u00fcr die Verarbeitung Verantwortlichen <\/h3>\n\n\n\n<p>Diese Datenschutz-Information gilt f\u00fcr die Datenverarbeitung durch:<br \/>Verantwortlicher: <\/p>\n\n\n\n<p>Marie-Christine Wagner<\/p>\n\n\n\n<p>c\/o Collegium Recht<br \/>Ostendstra\u00dfe 149-151<br \/>90482 N\u00fcrnberg<br \/>Telefon: <a href=\"tel:+49911801270\">+49.911.80127-0<\/a><br \/>Telefax: +49.911.80127-400<br \/>kontakt@ciranje.de<\/p>\n\n\n\n<h3 class=\"wp-block-heading\">2. Erhebung und Speicherung personenbezogener Daten sowie Art und Zweck von deren Verwendung<\/h3>\n\n\n\n<h4 class=\"wp-block-heading\">Beim Besuch der Website<\/h4>\n\n\n\n<p>Beim Aufrufen meiner Website www.ciranje.de werden durch den auf Deinem Endger\u00e4t zum Einsatz kommenden Browser automatisch Informationen an den Server unserer Website gesendet. Diese Informationen werden tempor\u00e4r in einem sog. Logfile gespeichert. Folgende Informationen werden dabei ohne Dein Zutun erfasst und bis zur automatisierten L\u00f6schung gespeichert:<\/p>\n\n\n\n<ul>\n<li>IP-Adresse des anfragenden Rechners,<\/li>\n\n\n\n<li>Datum und Uhrzeit des Zugriffs,<\/li>\n\n\n\n<li>Name und URL der abgerufenen Datei,<\/li>\n\n\n\n<li>Website, von der aus der Zugriff erfolgt (Referrer-URL),<\/li>\n\n\n\n<li>verwendeter Browser und ggf. das Betriebssystem Deines Rechners sowie der Name Deines Access-Providers.<\/li>\n<\/ul>\n\n\n\n<p>Die genannten Daten werden durch mich zu folgenden Zwecken verarbeitet:<\/p>\n\n\n\n<ul>\n<li>Gew\u00e4hrleistung eines reibungslosen Verbindungsaufbaus der Website,<\/li>\n\n\n\n<li>Gew\u00e4hrleistung einer komfortablen Nutzung meiner Website,<\/li>\n\n\n\n<li>Auswertung der Systemsicherheit und -stabilit\u00e4t sowie<\/li>\n\n\n\n<li>zu weiteren administrativen Zwecken.<\/li>\n<\/ul>\n\n\n\n<p>Die Rechtsgrundlage f\u00fcr die Datenverarbeitung ist Art. 6 Abs. 1 S. 1 lit. f DSGVO. Mein berechtigtes Interesse folgt aus oben aufgelisteten Zwecken zur Datenerhebung. In keinem Fall verwende ich die erhobenen Daten zu dem Zweck, R\u00fcckschl\u00fcsse auf Deine Person zu ziehen. <\/p>\n\n\n\n<h3 class=\"wp-block-heading\">3. Weitergabe von Daten<\/h3>\n\n\n\n<p>Eine \u00dcbermittlung Deiner pers\u00f6nlichen Daten an Dritte zu anderen als den im Folgenden aufgef\u00fchrten Zwecken findet nicht statt. Ich geben Deine pers\u00f6nlichen Daten nur an Dritte weiter, wenn:<\/p>\n\n\n\n<ul>\n<li>Du Deine nach Art. 6 Abs. 1 S. 1 lit. a DSGVO ausdr\u00fcckliche Einwilligung dazu erteilt hast,<\/li>\n\n\n\n<li>die Weitergabe nach Art. 6 Abs. 1 S. 1 lit. f DSGVO zur Geltendmachung, Aus\u00fcbung oder Verteidigung von Rechtsanspr\u00fcchen erforderlich ist und kein Grund zur Annahme besteht, dass Du ein \u00fcberwiegendes schutzw\u00fcrdiges Interesse an der Nichtweitergabe Deiner Daten hast,<\/li>\n\n\n\n<li>f\u00fcr den Fall, dass f\u00fcr die Weitergabe nach Art. 6 Abs. 1 S. 1 lit. c DSGVO eine gesetzliche Verpflichtung besteht, sowie<\/li>\n\n\n\n<li>dies gesetzlich zul\u00e4ssig und nach Art. 6 Abs. 1 S. 1 lit. b DSGVO f\u00fcr die Abwicklung von Vertragsverh\u00e4ltnissen mit Dir erforderlich ist.<\/li>\n<\/ul>\n\n\n\n<h3 class=\"wp-block-heading\">4. Web Fonts<\/h3>\n\n\n\n<p>Diese Seite nutzt zur einheitlichen Darstellung von Schriftarten so genannte Web Fonts, die von WordPress bereitgestellt werden. Beim Aufruf einer Seite l\u00e4dt Ihr Browser die ben\u00f6tigten Web Fonts in ihren Browsercache, um Texte und Schriftarten korrekt anzuzeigen.<br \/><br \/>Zu diesem Zweck muss der von Ihnen verwendete Browser Verbindun<em>g <\/em>zu den Servern von WordPress aufnehmen. Hierdurch erlangt WordPress Kenntnis dar\u00fcber, dass \u00fcber Ihre IP-Adresse unsere Website aufgerufen wurde. Die Nutzung von Web Fonts erfolgt im Interesse einer einheitlichen und ansprechenden Darstellung unserer Online-Angebote. Dies stellt ein berechtigtes Interesse im Sinne von Art. 6 Abs. 1 lit. f DSGVO dar.<br \/><br \/>Wenn Ihr Browser Web Fonts nicht unterst\u00fctzt, wird eine Standardschrift von Ihrem Computer genutzt.<\/p>\n\n\n\n<h3 class=\"wp-block-heading\">5. Betroffenenrechte<\/h3>\n\n\n\n<p>Du hast das Recht:<\/p>\n\n\n\n<ul>\n<li>gem\u00e4\u00df Art. 15 DSGVO Auskunft \u00fcber Deine von mir verarbeiteten personenbezogenen Daten zu verlangen. Insbesondere kannst Du Auskunft \u00fcber die Verarbeitungszwecke, die Kategorie der personenbezogenen Daten, die Kategorien von Empf\u00e4ngern, gegen\u00fcber denen Deine Daten offengelegt wurden oder werden, die geplante Speicherdauer, das Bestehen eines Rechts auf Berichtigung, L\u00f6schung, Einschr\u00e4nkung der Verarbeitung oder Widerspruch, das Bestehen eines Beschwerderechts, die Herkunft Deiner Daten, sofern diese nicht bei mir erhoben wurden, sowie \u00fcber das Bestehen einer automatisierten Entscheidungsfindung einschlie\u00dflich Profiling und ggf. aussagekr\u00e4ftigen Informationen zu deren Einzelheiten verlangen;<\/li>\n\n\n\n<li>gem\u00e4\u00df Art. 16 DSGVO unverz\u00fcglich die Berichtigung unrichtiger oder Vervollst\u00e4ndigung Deiner bei mir gespeicherten personenbezogenen Daten zu verlangen;<\/li>\n\n\n\n<li>gem\u00e4\u00df Art. 17 DSGVO die L\u00f6schung Deiner bei mir gespeicherten personenbezogenen Daten zu verlangen, soweit nicht die Verarbeitung zur Aus\u00fcbung des Rechts auf freie Meinungs\u00e4u\u00dferung und Information, zur Erf\u00fcllung einer rechtlichen Verpflichtung, aus Gr\u00fcnden des \u00f6ffentlichen Interesses oder zur Geltendmachung, Aus\u00fcbung oder Verteidigung von Rechtsanspr\u00fcchen erforderlich ist;<\/li>\n\n\n\n<li>gem\u00e4\u00df Art. 18 DSGVO die Einschr\u00e4nkung der Verarbeitung Deiner personenbezogenen Daten zu verlangen, soweit die Richtigkeit der Daten von Dir bestritten wird, die Verarbeitung unrechtm\u00e4\u00dfig ist, Du aber deren L\u00f6schung ablehnst und ich die Daten nicht mehr ben\u00f6tige, Du jedoch diese zur Geltendmachung, Aus\u00fcbung oder Verteidigung von Rechtsanspr\u00fcchen ben\u00f6tigst oder Du gem\u00e4\u00df Art. 21 DSGVO Widerspruch gegen die Verarbeitung eingelegt hast;<\/li>\n\n\n\n<li>gem\u00e4\u00df Art. 20 DSGVO Deine personenbezogenen Daten, die Du mir bereitgestellt hast, in einem strukturierten, g\u00e4ngigen und maschinenlesebaren Format zu erhalten oder die \u00dcbermittlung an einen anderen Verantwortlichen zu verlangen;<\/li>\n\n\n\n<li>gem\u00e4\u00df Art. Abs. 3 DSGVO Deine einmal erteilte Einwilligung jederzeit gegen\u00fcber mir zu widerrufen. Dies hat zur Folge, dass ich die Datenverarbeitung, die auf dieser Einwilligung beruhte, f\u00fcr die Zukunft nicht mehr fortf\u00fchren darf und<\/li>\n\n\n\n<li>gem\u00e4\u00df Art. 77 DSGVO sich bei einer Aufsichtsbeh\u00f6rde zu beschweren. In der Regel kannst Du Dich hierf\u00fcr an die Aufsichtsbeh\u00f6rde Deines \u00fcblichen Aufenthaltsortes oder Arbeitsplatzes wenden.<\/li>\n<\/ul>\n\n\n\n<h3 class=\"wp-block-heading\">6. Widerspruchsrecht<\/h3>\n\n\n\n<p>Sofern Deine personenbezogenen Daten auf Grundlage von berechtigten Interessen gem\u00e4\u00df Art. 6 Abs. 1 S. 1 lit. f DSGVO verarbeitet werden, hast Du das Recht, gem\u00e4\u00df Art. 21 DSGVO Widerspruch gegen die Verarbeitung Deiner personenbezogenen Daten einzulegen, soweit daf\u00fcr Gr\u00fcnde vorliegen, die sich aus Deiner besonderen Situation ergeben oder sich der Widerspruch gegen Direktwerbung richtet. Im letzteren Fall hast Du ein generelles Widerspruchsrecht, das ohne Angabe einer besonderen Situation von mir umgesetzt wird. M\u00f6chtest Du von Deinem Widerrufs- oder Widerspruchsrecht Gebrauch machen, gen\u00fcgt eine E-Mail an kontakt@ciranje.de<\/p>\n\n\n\n<h3 class=\"wp-block-heading\">7. Datensicherheit<\/h3>\n\n\n\n<p>Ob eine einzelne Seite dieses Internetauftritts verschl\u00fcsselt \u00fcbertragen wird, erkennst Du an der geschlossenen Darstellung des Sch\u00fcssel- beziehungsweise Schloss-Symbols in der unteren Statusleiste Deines Browsers. Ich bem\u00fche mich, soweit m\u00f6glich und erforderlich, geeigneter technischer und organisatorischer Sicherheitsma\u00dfnahmen, um Deine Daten gegen zuf\u00e4llige oder vors\u00e4tzliche Manipulationen, teilweisen oder vollst\u00e4ndigen Verlust, Zerst\u00f6rung oder gegen den unbefugten Zugriff Dritter zu sch\u00fctzen. Diese Sicherheitsma\u00dfnahmen werden entsprechend der technologischen Entwicklung fortlaufend verbessert.<\/p>\n\n\n\n<h3 class=\"wp-block-heading\">12. Aktualit\u00e4t und \u00c4nderung dieser Datenschutzerkl\u00e4rung<\/h3>\n\n\n\n<p>Diese Datenschutzerkl\u00e4rung ist aktuell g\u00fcltig und hat den Stand M\u00e4rz 2023. Durch die Weiterentwicklung dieser Website oder aufgrund ge\u00e4nderter gesetzlicher beziehungsweise beh\u00f6rdlicher Vorgaben kann es notwendig werden, diese Datenschutzerkl\u00e4rung zu \u00e4ndern. <\/p>\n\n\n\n<p>Die jeweils aktuelle Datenschutzerkl\u00e4rung kann jederzeit hier eingesehen werden.<\/p>\n\n\n<div class=\"wp-block-image\">\n<figure class=\"aligncenter size-large\"><img decoding=\"async\" loading=\"lazy\" width=\"642\" height=\"664\" src=\"https:\/\/ciranje.de\/wp-content\/uploads\/2023\/03\/zum_versenden-4.png\" alt=\"\" class=\"wp-image-174\" srcset=\"https:\/\/ciranje.de\/wp-content\/uploads\/2023\/03\/zum_versenden-4.png 642w, https:\/\/ciranje.de\/wp-content\/uploads\/2023\/03\/zum_versenden-4-290x300.png 290w, https:\/\/ciranje.de\/wp-content\/uploads\/2023\/03\/zum_versenden-4-58x60.png 58w\" sizes=\"(max-width: 642px) 100vw, 642px\" \/><\/figure><\/div>","protected":false},"excerpt":{"rendered":"<p>1. Name und Kontaktdaten des f\u00fcr die Verarbeitung Verantwortlichen Diese Datenschutz-Information gilt f\u00fcr die Datenverarbeitung durch:Verantwortlicher: Marie-Christine Wagner c\/o Collegium RechtOstendstra\u00dfe 149-15190482 N\u00fcrnbergTelefon: +49.911.80127-0Telefax: +49.911.80127-400kontakt@ciranje.de 2. Erhebung und Speicherung personenbezogener Daten sowie Art und Zweck von deren Verwendung Beim Besuch der Website Beim Aufrufen meiner Website www.ciranje.de werden durch den auf Deinem Endger\u00e4t zum Einsatz &hellip; <\/p>\n","protected":false},"author":1,"featured_media":0,"parent":0,"menu_order":0,"comment_status":"closed","ping_status":"closed","template":"","meta":{"footnotes":""},"_links":{"self":[{"href":"https:\/\/ciranje.de\/index.php\/wp-json\/wp\/v2\/pages\/209"}],"collection":[{"href":"https:\/\/ciranje.de\/index.php\/wp-json\/wp\/v2\/pages"}],"about":[{"href":"https:\/\/ciranje.de\/index.php\/wp-json\/wp\/v2\/types\/page"}],"author":[{"embeddable":true,"href":"https:\/\/ciranje.de\/index.php\/wp-json\/wp\/v2\/users\/1"}],"replies":[{"embeddable":true,"href":"https:\/\/ciranje.de\/index.php\/wp-json\/wp\/v2\/comments?post=209"}],"version-history":[{"count":1,"href":"https:\/\/ciranje.de\/index.php\/wp-json\/wp\/v2\/pages\/209\/revisions"}],"predecessor-version":[{"id":211,"href":"https:\/\/ciranje.de\/index.php\/wp-json\/wp\/v2\/pages\/209\/revisions\/211"}],"wp:attachment":[{"href":"https:\/\/ciranje.de\/index.php\/wp-json\/wp\/v2\/media?parent=209"}],"curies":[{"name":"wp","href":"https:\/\/api.w.org\/{rel}","templated":true}]}}